{"id":513,"date":"2019-05-22T10:28:15","date_gmt":"2019-05-22T08:28:15","guid":{"rendered":"http:\/\/gardinjardins.com\/?page_id=513"},"modified":"2019-05-22T19:52:24","modified_gmt":"2019-05-22T17:52:24","slug":"a-propos","status":"publish","type":"page","link":"https:\/\/gardinjardins.com\/?page_id=513","title":{"rendered":"\u00c0 Propos"},"content":{"rendered":"\n<h2 class=\"wp-block-heading\">Mon parcours<\/h2>\n\n\n\n<p>Je\u00a0 b\u00e9n\u00e9ficie d\u2019une longue exp\u00e9rience dans tout ce qui touche aux espaces verts et de la conception\u00a0: form\u00e9 \u00e0 l\u2019<a href=\"http:\/\/www.ecoledubreuil.fr\/\" target=\"_blank\" rel=\"noreferrer noopener\" aria-label=\"\u00c9cole Dubreuil (s\u2019ouvre dans un nouvel onglet)\">\u00c9cole Dubreuil<\/a>, je d\u00e9couvre le bonheur de manipuler et\u00a0 utiliser le v\u00e9g\u00e9tal.<\/p>\n\n\n\n<p>Mes premi\u00e8res ann\u00e9es d\u2019activit\u00e9 sur le terrain m\u2019ont permis d\u2019approfondir la technique li\u00e9e au jardin avec des projets de diff\u00e9rentes \u00e9chelles\u00a0: patio, terrasses, petits et grands jardins, parcs d\u2019agr\u00e9ment. Les projets r\u00e9alis\u00e9s sont divers et m\u2019ont fait aborder tous les aspects du m\u00e9tier\u00a0: plantations et engazonnement, terrassements et modelage de terrain, r\u00e9alisation de circulations, petites ma\u00e7onneries, terrasses en bois, bassins, petites constructions, arrosage automatique etc\u2026. Beaucoup de ces projets ont \u00e9t\u00e9 r\u00e9alis\u00e9s en partenariat avec <a href=\"http:\/\/www.robin-jardin.fr\/\" target=\"_blank\" rel=\"noreferrer noopener\" aria-label=\"St\u00e9phane Robin (s\u2019ouvre dans un nouvel onglet)\">St\u00e9phane Robin<\/a>, jardinier paysagiste.<\/p>\n\n\n\n<p>J\u2019ai ensuite travaill\u00e9\u00a0 pendant 10 ans en bureau d\u2019\u00e9tude avec <a href=\"http:\/\/www.patrimonio.fr\/\" target=\"_blank\" rel=\"noreferrer noopener\" aria-label=\"Val\u00e9rie Patrimonio (s\u2019ouvre dans un nouvel onglet)\">Val\u00e9rie Patrimonio<\/a> Architecte Paysagiste, et abord\u00e9 d\u2019autres probl\u00e9matiques et d\u2019autres \u00e9chelles\u00a0: les espaces publics et le grand paysage. Ces ann\u00e9es d\u2019exp\u00e9rience ont \u00e9t\u00e9 tr\u00e8s riches dans tous les domaines\u00a0: partenariats avec des architectes et bureaux d\u2019\u00e9tudes sp\u00e9cialis\u00e9s, relations avec les collectivit\u00e9s, suivis de chantier et collaboration avec\u00a0 bon nombre de corps de m\u00e9tier, respect des r\u00e9glementations, d\u00e9marches durables (liaisons vertes, HQE\u2026), gestion des eaux pluviales etc\u2026.<\/p>\n\n\n\n<p>En 2018, j\u2019ai d\u00e9cid\u00e9 de revenir \u00e0 mes premi\u00e8res amours&nbsp;: le\nterrain&nbsp;; la satisfaction de r\u00e9aliser moi-m\u00eame ce que nous avons projet\u00e9\navec le client, de suivre et accompagner le projet jusqu\u2019\u00e0 sa maturit\u00e9.\nN\u2019oublions pas que le v\u00e9g\u00e9tal est vivant et que sa mise en \u0153uvre n\u2019est pas une\nscience exacte. La mise en place d\u2019un am\u00e9nagement comporte aussi ses al\u00e9as qui\nn\u00e9cessite un suivi et parfois quelques r\u00e9ajustements. La patience et l\u2019humilit\u00e9\nsont \u00e9videmment n\u00e9cessaires.<\/p>\n\n\n\n<p>Les projets que je r\u00e9alise aujourd\u2019hui s\u2019adressent aux particuliers et\naux petites copropri\u00e9t\u00e9s, essentiellement en milieu urbain. Je propose&nbsp; des projets adapt\u00e9s \u00e0 votre demande et essaie\nde trouver des r\u00e9ponses efficaces aux probl\u00e8mes li\u00e9s \u00e0 cet environnement&nbsp;:\nespaces r\u00e9duits, plantations en bacs ou pots sur terrasses ou balcons,\nensoleillement trop fort ou trop faible, gestion des vis-\u00e0-vis avec le\nvoisinage, alternatives au gazon.<\/p>\n","protected":false},"excerpt":{"rendered":"<p>Mon parcours Je\u00a0 b\u00e9n\u00e9ficie d\u2019une longue exp\u00e9rience dans tout ce qui touche aux espaces verts et de la conception\u00a0: form\u00e9 \u00e0 l\u2019\u00c9cole Dubreuil, je d\u00e9couvre le bonheur de manipuler et\u00a0 utiliser le v\u00e9g\u00e9tal. Mes premi\u00e8res ann\u00e9es d\u2019activit\u00e9 sur le terrain m\u2019ont permis d\u2019approfondir la technique li\u00e9e au jardin avec des [&hellip;]<\/p>\n","protected":false},"author":1,"featured_media":491,"parent":0,"menu_order":0,"comment_status":"closed","ping_status":"closed","template":"","meta":{"footnotes":""},"_links":{"self":[{"href":"https:\/\/gardinjardins.com\/index.php?rest_route=\/wp\/v2\/pages\/513"}],"collection":[{"href":"https:\/\/gardinjardins.com\/index.php?rest_route=\/wp\/v2\/pages"}],"about":[{"href":"https:\/\/gardinjardins.com\/index.php?rest_route=\/wp\/v2\/types\/page"}],"author":[{"embeddable":true,"href":"https:\/\/gardinjardins.com\/index.php?rest_route=\/wp\/v2\/users\/1"}],"replies":[{"embeddable":true,"href":"https:\/\/gardinjardins.com\/index.php?rest_route=%2Fwp%2Fv2%2Fcomments&post=513"}],"version-history":[{"count":2,"href":"https:\/\/gardinjardins.com\/index.php?rest_route=\/wp\/v2\/pages\/513\/revisions"}],"predecessor-version":[{"id":590,"href":"https:\/\/gardinjardins.com\/index.php?rest_route=\/wp\/v2\/pages\/513\/revisions\/590"}],"wp:featuredmedia":[{"embeddable":true,"href":"https:\/\/gardinjardins.com\/index.php?rest_route=\/wp\/v2\/media\/491"}],"wp:attachment":[{"href":"https:\/\/gardinjardins.com\/index.php?rest_route=%2Fwp%2Fv2%2Fmedia&parent=513"}],"curies":[{"name":"wp","href":"https:\/\/api.w.org\/{rel}","templated":true}]}}